{"id":220,"date":"2025-06-24T20:31:27","date_gmt":"2025-06-24T18:31:27","guid":{"rendered":"https:\/\/empoweringformation.fr\/?page_id=220"},"modified":"2025-06-25T10:25:07","modified_gmt":"2025-06-25T08:25:07","slug":"220-2","status":"publish","type":"page","link":"https:\/\/empoweringformation.fr\/index.php\/220-2\/","title":{"rendered":"\u00ab\u00a0je n\u2019ai pas le temps\u00a0\u00bb"},"content":{"rendered":"<nav class=\"is-responsive wp-block-navigation is-layout-flex wp-block-navigation-is-layout-flex\" \n\t\t data-wp-interactive=\"core\/navigation\" data-wp-context='{\"overlayOpenedBy\":{\"click\":false,\"hover\":false,\"focus\":false},\"type\":\"overlay\",\"roleAttribute\":\"\",\"ariaLabel\":\"Menu\"}'><button aria-haspopup=\"dialog\" aria-label=\"Ouvrir le menu\" class=\"wp-block-navigation__responsive-container-open\" \n\t\t\t\tdata-wp-on--click=\"actions.openMenuOnClick\"\n\t\t\t\tdata-wp-on--keydown=\"actions.handleMenuKeydown\"\n\t\t\t><svg width=\"24\" height=\"24\" xmlns=\"http:\/\/www.w3.org\/2000\/svg\" viewBox=\"0 0 24 24\" aria-hidden=\"true\" focusable=\"false\"><path d=\"M4 7.5h16v1.5H4z\"><\/path><path d=\"M4 15h16v1.5H4z\"><\/path><\/svg><\/button>\n\t\t\t\t<div class=\"wp-block-navigation__responsive-container\"  id=\"modal-1\" \n\t\t\t\tdata-wp-class--has-modal-open=\"state.isMenuOpen\"\n\t\t\t\tdata-wp-class--is-menu-open=\"state.isMenuOpen\"\n\t\t\t\tdata-wp-watch=\"callbacks.initMenu\"\n\t\t\t\tdata-wp-on--keydown=\"actions.handleMenuKeydown\"\n\t\t\t\tdata-wp-on--focusout=\"actions.handleMenuFocusout\"\n\t\t\t\ttabindex=\"-1\"\n\t\t\t>\n\t\t\t\t\t<div class=\"wp-block-navigation__responsive-close\" tabindex=\"-1\">\n\t\t\t\t\t\t<div class=\"wp-block-navigation__responsive-dialog\" \n\t\t\t\tdata-wp-bind--aria-modal=\"state.ariaModal\"\n\t\t\t\tdata-wp-bind--aria-label=\"state.ariaLabel\"\n\t\t\t\tdata-wp-bind--role=\"state.roleAttribute\"\n\t\t\t>\n\t\t\t\t\t\t\t<button aria-label=\"Fermer le menu\" class=\"wp-block-navigation__responsive-container-close\" \n\t\t\t\tdata-wp-on--click=\"actions.closeMenuOnClick\"\n\t\t\t><svg xmlns=\"http:\/\/www.w3.org\/2000\/svg\" viewBox=\"0 0 24 24\" width=\"24\" height=\"24\" aria-hidden=\"true\" focusable=\"false\"><path d=\"m13.06 12 6.47-6.47-1.06-1.06L12 10.94 5.53 4.47 4.47 5.53 10.94 12l-6.47 6.47 1.06 1.06L12 13.06l6.47 6.47 1.06-1.06L13.06 12Z\"><\/path><\/svg><\/button>\n\t\t\t\t\t\t\t<div class=\"wp-block-navigation__responsive-container-content\" \n\t\t\t\tdata-wp-watch=\"callbacks.focusFirstElement\"\n\t\t\t id=\"modal-1-content\">\n\t\t\t\t\t\t\t\t\n\t\t\t\t\t\t\t<\/div>\n\t\t\t\t\t\t<\/div>\n\t\t\t\t\t<\/div>\n\t\t\t\t<\/div><\/nav>\n\n\n<h2 class=\"wp-block-heading\">\u00ab\u00a0Je n\u2019ai pas le temps\u00a0\u00bb<\/h2>\n\n\n\n<figure class=\"wp-block-image size-large\"><img loading=\"lazy\" decoding=\"async\" width=\"1024\" height=\"473\" src=\"https:\/\/empoweringformation.fr\/wp-content\/uploads\/2025\/06\/pas-le-temps-1024x473.jpg\" alt=\"\" class=\"wp-image-221\" srcset=\"https:\/\/empoweringformation.fr\/wp-content\/uploads\/2025\/06\/pas-le-temps-1024x473.jpg 1024w, https:\/\/empoweringformation.fr\/wp-content\/uploads\/2025\/06\/pas-le-temps-300x139.jpg 300w, https:\/\/empoweringformation.fr\/wp-content\/uploads\/2025\/06\/pas-le-temps-768x355.jpg 768w, https:\/\/empoweringformation.fr\/wp-content\/uploads\/2025\/06\/pas-le-temps.jpg 1250w\" sizes=\"auto, (max-width: 1024px) 100vw, 1024px\" \/><\/figure>\n\n\n\n<p>Caller deux ou 3 jours d\u2019affil\u00e9 dans le planning \u00e7a pique.<\/p>\n\n\n\n<p>Un coup de rush en prod&nbsp;: &nbsp;vous devez annuler \u00e0 la derni\u00e8re minute parce que les clients d\u2019abord.<\/p>\n\n\n\n<p>Les horaires d\u00e9cal\u00e9s et les formations de journ\u00e9e est-ce conciliable&nbsp;?<\/p>\n\n\n\n<p>Oui&nbsp;! rien ne dit que les HE doivent \u00eatre suivies en continu, juste &nbsp;&nbsp;avec un d\u00e9lai raisonnable entre les sessions. Je vous invite \u00e0 consid\u00e9rer des formations plus flexibles.<\/p>\n\n\n<a class=\"wp-block-read-more\" href=\"https:\/\/empoweringformation.fr\/index.php\/220-2\/\" target=\"_self\">Lire la suite<span class=\"screen-reader-text\">\u00a0: \u00ab\u00a0je n\u2019ai pas le temps\u00a0\u00bb<\/span><\/a>","protected":false},"excerpt":{"rendered":"<p>\u00ab\u00a0Je n\u2019ai pas le temps\u00a0\u00bb Caller deux ou 3 jours d\u2019affil\u00e9 dans le planning \u00e7a pique. Un coup de rush en prod&nbsp;: &nbsp;vous devez annuler \u00e0 la derni\u00e8re minute parce que les clients d\u2019abord. Les horaires d\u00e9cal\u00e9s et les formations de journ\u00e9e est-ce conciliable&nbsp;? Oui&nbsp;! rien ne dit que les HE doivent \u00eatre suivies en [&hellip;]<\/p>\n","protected":false},"author":1,"featured_media":0,"parent":0,"menu_order":0,"comment_status":"closed","ping_status":"closed","template":"blank","meta":{"footnotes":""},"class_list":["post-220","page","type-page","status-publish","hentry"],"_links":{"self":[{"href":"https:\/\/empoweringformation.fr\/index.php\/wp-json\/wp\/v2\/pages\/220","targetHints":{"allow":["GET"]}}],"collection":[{"href":"https:\/\/empoweringformation.fr\/index.php\/wp-json\/wp\/v2\/pages"}],"about":[{"href":"https:\/\/empoweringformation.fr\/index.php\/wp-json\/wp\/v2\/types\/page"}],"author":[{"embeddable":true,"href":"https:\/\/empoweringformation.fr\/index.php\/wp-json\/wp\/v2\/users\/1"}],"replies":[{"embeddable":true,"href":"https:\/\/empoweringformation.fr\/index.php\/wp-json\/wp\/v2\/comments?post=220"}],"version-history":[{"count":4,"href":"https:\/\/empoweringformation.fr\/index.php\/wp-json\/wp\/v2\/pages\/220\/revisions"}],"predecessor-version":[{"id":225,"href":"https:\/\/empoweringformation.fr\/index.php\/wp-json\/wp\/v2\/pages\/220\/revisions\/225"}],"wp:attachment":[{"href":"https:\/\/empoweringformation.fr\/index.php\/wp-json\/wp\/v2\/media?parent=220"}],"curies":[{"name":"wp","href":"https:\/\/api.w.org\/{rel}","templated":true}]}}